{"id":25782,"date":"2023-10-31T15:53:14","date_gmt":"2023-10-31T14:53:14","guid":{"rendered":"https:\/\/arbrea-labs.com\/?post_type=tribe_events&#038;p=25782"},"modified":"2023-10-31T16:06:52","modified_gmt":"2023-10-31T15:06:52","slug":"imcas-2024","status":"publish","type":"tribe_events","link":"https:\/\/arbrea-labs.com\/pt\/event\/imcas-2024\/","title":{"rendered":"IMCAS 2024 - FR"},"content":{"rendered":"<p>O mundo da est\u00e9tica m\u00e9dica est\u00e1 \u00e0 beira de uma revolu\u00e7\u00e3o empolgante, e a equipe da Arbrea est\u00e1 pronta para ocupar o centro do palco na <strong>Congresso Mundial IMCAS 2024 em Paris<\/strong>de 1\u00ba a 3 de fevereiro de 2024. Como um dos eventos de maior prest\u00edgio no campo da est\u00e9tica m\u00e9dica, o congresso servir\u00e1 como a plataforma perfeita para a Arbrea apresentar sua inova\u00e7\u00e3o revolucion\u00e1ria - o Arbrea Face in Arbrea Suite. Essa nova oferta promete remodelar a maneira como <strong>analisar, medir e aprimorar as propor\u00e7\u00f5es faciais<\/strong>e est\u00e1 prestes a causar um impacto significativo na comunidade m\u00e9dica global.<\/p>\n<p><strong>O Congresso Mundial IMCAS: Um palco de primeira linha para inova\u00e7\u00f5es est\u00e9ticas<\/strong><\/p>\n<p>O Curso Internacional de Mestrado em Ci\u00eancia do Envelhecimento (<a href=\"https:\/\/www.imcas.com\/en\/attend\/imcas-world-congress-2024\">IMCAS<\/a>) \u00e9 um evento anual renomado que re\u00fane profissionais da \u00e1rea m\u00e9dica, pesquisadores e l\u00edderes do setor de todos os cantos do mundo. Ele serve como um centro para a troca de conhecimento e inova\u00e7\u00e3o no campo da est\u00e9tica m\u00e9dica e \u00e9 uma plataforma de lan\u00e7amento para tecnologias e metodologias de ponta.<\/p>\n<p>Para a edi\u00e7\u00e3o de 2024, todos os olhos estar\u00e3o voltados para a Equipe Arbrea, pois eles est\u00e3o prontos para apresentar uma ferramenta revolucion\u00e1ria que redefinir\u00e1 a maneira como os profissionais m\u00e9dicos abordam a est\u00e9tica facial.<\/p>\n<p><strong>Arbrea Face no Arbrea Suite: O futuro da an\u00e1lise facial<\/strong><\/p>\n<p>O Arbrea Face no Arbrea Suite n\u00e3o \u00e9 apenas uma ferramenta; \u00e9 um salto para o futuro da an\u00e1lise facial. Os novos recursos que ele oferece revolucionar\u00e3o a maneira como os m\u00e9dicos avaliam e tratam as propor\u00e7\u00f5es faciais. Aqui est\u00e3o alguns dos elementos not\u00e1veis que fazem do Arbrea Face um divisor de \u00e1guas:<\/p>\n<ol>\n<li><strong>An\u00e1lise avan\u00e7ada de \u00e2ngulos:<\/strong> O Arbrea Face possui um sistema de an\u00e1lise de \u00e2ngulo facial de \u00faltima gera\u00e7\u00e3o que oferece aos m\u00e9dicos uma compreens\u00e3o abrangente das propor\u00e7\u00f5es faciais. Isso permitir\u00e1 que eles tomem decis\u00f5es de tratamento mais precisas e personalizadas.<\/li>\n<li><strong>Simula\u00e7\u00e3o em tempo real:<\/strong> A su\u00edte oferece simula\u00e7\u00f5es 3D em tempo real de tratamentos de preenchimento, toxina botul\u00ednica e v\u00e1rios injet\u00e1veis. Isso permite que os m\u00e9dicos visualizem os poss\u00edveis resultados antes de administrar qualquer procedimento, ajudando os pacientes a tomar decis\u00f5es informadas.<\/li>\n<li><strong>Medi\u00e7\u00f5es precisas:<\/strong> Com suas ferramentas de medi\u00e7\u00e3o avan\u00e7adas, os m\u00e9dicos podem fazer leituras precisas das caracter\u00edsticas faciais, garantindo um alto n\u00edvel de precis\u00e3o e consist\u00eancia em seu trabalho.<\/li>\n<\/ol>\n<p>O Arbrea Face na Arbrea Suite n\u00e3o \u00e9 apenas uma maravilha tecnol\u00f3gica; \u00e9 um divisor de \u00e1guas para pacientes que buscam tratamentos est\u00e9ticos faciais. A capacidade de ver simula\u00e7\u00f5es em tempo real e receber tratamentos mais personalizados e harmoniosos aprimora a experi\u00eancia do paciente e garante que os resultados estejam alinhados com seus desejos e expectativas exclusivos.<\/p>\n<p><strong>Uma vis\u00e3o do futuro<\/strong><\/p>\n<p>A participa\u00e7\u00e3o da equipe da Arbrea no <strong>Congresso Mundial IMCAS 2024<\/strong> est\u00e1 sendo preparado para ser um momento crucial na hist\u00f3ria da est\u00e9tica m\u00e9dica. O Arbrea Face in Arbrea Suite oferece um vislumbre do futuro do atendimento centrado no paciente, onde a tecnologia avan\u00e7ada se encontra com a arte da est\u00e9tica facial.<\/p>\n<p>Enquanto aguardamos a revela\u00e7\u00e3o dessa su\u00edte inovadora no Congresso Mundial da IMCAS, a comunidade de est\u00e9tica m\u00e9dica aguarda ansiosamente as oportunidades e os avan\u00e7os que a IMCAS pode oferecer. <a href=\"https:\/\/arbrea-labs.com\/pt\/rosto\/\">Arbrea Face<\/a> trar\u00e1. Fique atento a mais atualiza\u00e7\u00f5es sobre essa tecnologia revolucion\u00e1ria que est\u00e1 sendo preparada para redefinir o mundo da est\u00e9tica facial. Paris, 2024, ser\u00e1 o palco onde o futuro come\u00e7ar\u00e1.<\/p>","protected":false},"excerpt":{"rendered":"<p>O mundo da est\u00e9tica m\u00e9dica est\u00e1 \u00e0 beira de uma revolu\u00e7\u00e3o empolgante, e a Equipe Arbrea est\u00e1 pronta para ocupar o centro do palco na...<\/p>","protected":false},"author":3,"featured_media":25786,"template":"","meta":{"_tribe_events_status":"","_tribe_events_status_reason":"","_tribe_events_is_hybrid":"","_tribe_events_is_virtual":"","_tribe_events_virtual_video_source":"","_tribe_events_virtual_embed_video":"","_tribe_events_virtual_linked_button_text":"","_tribe_events_virtual_linked_button":"","_tribe_events_virtual_show_embed_at":"","_tribe_events_virtual_show_embed_to":[],"_tribe_events_virtual_show_on_event":"","_tribe_events_virtual_show_on_views":"","_tribe_events_virtual_url":"","footnotes":""},"tags":[],"tribe_events_cat":[],"class_list":["post-25782","tribe_events","type-tribe_events","status-publish","has-post-thumbnail"],"yoast_head":"<!-- This site is optimized with the Yoast SEO Premium plugin v27.3 (Yoast SEO v27.4) - https:\/\/yoast.com\/product\/yoast-seo-premium-wordpress\/ -->\n<title>IMCAS 2024 - FR - Arbrea Labs<\/title>\n<meta name=\"description\" content=\"The Arbrea Team is set to take center stage at the IMCAS World Congress 2024 in Paris, from February 1 to 3.\" \/>\n<meta name=\"robots\" content=\"index, follow, max-snippet:-1, max-image-preview:large, max-video-preview:-1\" \/>\n<link rel=\"canonical\" href=\"https:\/\/arbrea-labs.com\/pt\/evento\/imcas-2024\/\" \/>\n<meta property=\"og:locale\" content=\"pt_BR\" \/>\n<meta property=\"og:type\" content=\"article\" \/>\n<meta property=\"og:title\" content=\"IMCAS 2024 - FR\" \/>\n<meta property=\"og:description\" content=\"The Arbrea Team is set to take center stage at the IMCAS World Congress 2024 in Paris, from February 1 to 3.\" \/>\n<meta property=\"og:url\" content=\"https:\/\/arbrea-labs.com\/pt\/evento\/imcas-2024\/\" \/>\n<meta property=\"og:site_name\" content=\"Arbrea Labs\" \/>\n<meta property=\"article:publisher\" content=\"https:\/\/www.facebook.com\/arbrealabs\" \/>\n<meta property=\"article:modified_time\" content=\"2023-10-31T15:06:52+00:00\" \/>\n<meta property=\"og:image\" content=\"https:\/\/arbrea-labs.com\/wp-content\/uploads\/2023\/10\/Event-page-banner-3-1024x512.png\" \/>\n\t<meta property=\"og:image:width\" content=\"1024\" \/>\n\t<meta property=\"og:image:height\" content=\"512\" \/>\n\t<meta property=\"og:image:type\" content=\"image\/png\" \/>\n<meta name=\"twitter:card\" content=\"summary_large_image\" \/>\n<meta name=\"twitter:label1\" content=\"Est. tempo de leitura\" \/>\n\t<meta name=\"twitter:data1\" content=\"3 minutos\" \/>\n<script type=\"application\/ld+json\" class=\"yoast-schema-graph\">{\"@context\":\"https:\\\/\\\/schema.org\",\"@graph\":[{\"@type\":\"WebPage\",\"@id\":\"https:\\\/\\\/arbrea-labs.com\\\/event\\\/imcas-2024\\\/\",\"url\":\"https:\\\/\\\/arbrea-labs.com\\\/event\\\/imcas-2024\\\/\",\"name\":\"IMCAS 2024 - FR - Arbrea Labs\",\"isPartOf\":{\"@id\":\"https:\\\/\\\/arbrea-labs.com\\\/#website\"},\"primaryImageOfPage\":{\"@id\":\"https:\\\/\\\/arbrea-labs.com\\\/event\\\/imcas-2024\\\/#primaryimage\"},\"image\":{\"@id\":\"https:\\\/\\\/arbrea-labs.com\\\/event\\\/imcas-2024\\\/#primaryimage\"},\"thumbnailUrl\":\"https:\\\/\\\/arbrea-labs.com\\\/wp-content\\\/uploads\\\/2023\\\/10\\\/Event-page-banner-3.png\",\"datePublished\":\"2023-10-31T14:53:14+00:00\",\"dateModified\":\"2023-10-31T15:06:52+00:00\",\"description\":\"The Arbrea Team is set to take center stage at the IMCAS World Congress 2024 in Paris, from February 1 to 3.\",\"breadcrumb\":{\"@id\":\"https:\\\/\\\/arbrea-labs.com\\\/event\\\/imcas-2024\\\/#breadcrumb\"},\"inLanguage\":\"pt-BR\",\"potentialAction\":[{\"@type\":\"ReadAction\",\"target\":[\"https:\\\/\\\/arbrea-labs.com\\\/event\\\/imcas-2024\\\/\"]}]},{\"@type\":\"ImageObject\",\"inLanguage\":\"pt-BR\",\"@id\":\"https:\\\/\\\/arbrea-labs.com\\\/event\\\/imcas-2024\\\/#primaryimage\",\"url\":\"https:\\\/\\\/arbrea-labs.com\\\/wp-content\\\/uploads\\\/2023\\\/10\\\/Event-page-banner-3.png\",\"contentUrl\":\"https:\\\/\\\/arbrea-labs.com\\\/wp-content\\\/uploads\\\/2023\\\/10\\\/Event-page-banner-3.png\",\"width\":2560,\"height\":1280,\"caption\":\"IMCAS\"},{\"@type\":\"BreadcrumbList\",\"@id\":\"https:\\\/\\\/arbrea-labs.com\\\/event\\\/imcas-2024\\\/#breadcrumb\",\"itemListElement\":[{\"@type\":\"ListItem\",\"position\":1,\"name\":\"Home\",\"item\":\"https:\\\/\\\/arbrea-labs.com\\\/\"},{\"@type\":\"ListItem\",\"position\":2,\"name\":\"Events\",\"item\":\"https:\\\/\\\/arbrea-labs.com\\\/events\\\/\"},{\"@type\":\"ListItem\",\"position\":3,\"name\":\"IMCAS 2024 &#8211; FR\"}]},{\"@type\":\"WebSite\",\"@id\":\"https:\\\/\\\/arbrea-labs.com\\\/#website\",\"url\":\"https:\\\/\\\/arbrea-labs.com\\\/\",\"name\":\"Arbrea Labs\",\"description\":\"Augmented Reality &amp; 3D Solutions for Aesthetics\",\"publisher\":{\"@id\":\"https:\\\/\\\/arbrea-labs.com\\\/#organization\"},\"alternateName\":\"Arbrea\",\"potentialAction\":[{\"@type\":\"SearchAction\",\"target\":{\"@type\":\"EntryPoint\",\"urlTemplate\":\"https:\\\/\\\/arbrea-labs.com\\\/?s={search_term_string}\"},\"query-input\":{\"@type\":\"PropertyValueSpecification\",\"valueRequired\":true,\"valueName\":\"search_term_string\"}}],\"inLanguage\":\"pt-BR\"},{\"@type\":\"Organization\",\"@id\":\"https:\\\/\\\/arbrea-labs.com\\\/#organization\",\"name\":\"Arbrea Labs\",\"alternateName\":\"Arbrea\",\"url\":\"https:\\\/\\\/arbrea-labs.com\\\/\",\"logo\":{\"@type\":\"ImageObject\",\"inLanguage\":\"pt-BR\",\"@id\":\"https:\\\/\\\/arbrea-labs.com\\\/#\\\/schema\\\/logo\\\/image\\\/\",\"url\":\"https:\\\/\\\/arbrea-labs.com\\\/wp-content\\\/uploads\\\/2022\\\/01\\\/logo_arbrea_LABS-01-1-e1641392734450.png\",\"contentUrl\":\"https:\\\/\\\/arbrea-labs.com\\\/wp-content\\\/uploads\\\/2022\\\/01\\\/logo_arbrea_LABS-01-1-e1641392734450.png\",\"width\":2000,\"height\":750,\"caption\":\"Arbrea Labs\"},\"image\":{\"@id\":\"https:\\\/\\\/arbrea-labs.com\\\/#\\\/schema\\\/logo\\\/image\\\/\"},\"sameAs\":[\"https:\\\/\\\/www.facebook.com\\\/arbrealabs\",\"https:\\\/\\\/www.instagram.com\\\/arbrealabs\\\/\",\"https:\\\/\\\/www.linkedin.com\\\/company\\\/arbrea-labs-ag\\\/\",\"https:\\\/\\\/www.youtube.com\\\/channel\\\/UCbHN9gofXJv8rMAHcAguTcg\"],\"description\":\"Arbrea Labs leads the way in blending advanced AI technology with personalized healthcare. Our fast, simple and safe Augmented Reality & 3D simulators optimize consultations, saving time and enhancing patient education. Meanwhile, our AR-driven marketing booster enhances patient journeys, maximizing marketing ROI and fostering efficient lead generation. Join us as we shape the future of aesthetic healthcare.\",\"email\":\"info@arbrea-labs.com\",\"legalName\":\"Arbrea Labs AG\",\"foundingDate\":\"2018-03-04\",\"vatID\":\"CHE-292.633.177\",\"numberOfEmployees\":{\"@type\":\"QuantitativeValue\",\"minValue\":\"11\",\"maxValue\":\"50\"}}]}<\/script>\n<!-- \/ Yoast SEO Premium plugin. -->","yoast_head_json":{"title":"IMCAS 2024 - FR - Arbrea Labs","description":"A equipe da Arbrea est\u00e1 pronta para ocupar o centro do palco no IMCAS World Congress 2024 em Paris, de 1 a 3 de fevereiro.","robots":{"index":"index","follow":"follow","max-snippet":"max-snippet:-1","max-image-preview":"max-image-preview:large","max-video-preview":"max-video-preview:-1"},"canonical":"https:\/\/arbrea-labs.com\/pt\/evento\/imcas-2024\/","og_locale":"pt_BR","og_type":"article","og_title":"IMCAS 2024 - FR","og_description":"The Arbrea Team is set to take center stage at the IMCAS World Congress 2024 in Paris, from February 1 to 3.","og_url":"https:\/\/arbrea-labs.com\/pt\/evento\/imcas-2024\/","og_site_name":"Arbrea Labs","article_publisher":"https:\/\/www.facebook.com\/arbrealabs","article_modified_time":"2023-10-31T15:06:52+00:00","og_image":[{"width":1024,"height":512,"url":"https:\/\/arbrea-labs.com\/wp-content\/uploads\/2023\/10\/Event-page-banner-3-1024x512.png","type":"image\/png"}],"twitter_card":"summary_large_image","twitter_misc":{"Est. tempo de leitura":"3 minutos"},"schema":{"@context":"https:\/\/schema.org","@graph":[{"@type":"WebPage","@id":"https:\/\/arbrea-labs.com\/event\/imcas-2024\/","url":"https:\/\/arbrea-labs.com\/event\/imcas-2024\/","name":"IMCAS 2024 - FR - Arbrea Labs","isPartOf":{"@id":"https:\/\/arbrea-labs.com\/#website"},"primaryImageOfPage":{"@id":"https:\/\/arbrea-labs.com\/event\/imcas-2024\/#primaryimage"},"image":{"@id":"https:\/\/arbrea-labs.com\/event\/imcas-2024\/#primaryimage"},"thumbnailUrl":"https:\/\/arbrea-labs.com\/wp-content\/uploads\/2023\/10\/Event-page-banner-3.png","datePublished":"2023-10-31T14:53:14+00:00","dateModified":"2023-10-31T15:06:52+00:00","description":"A equipe da Arbrea est\u00e1 pronta para ocupar o centro do palco no IMCAS World Congress 2024 em Paris, de 1 a 3 de fevereiro.","breadcrumb":{"@id":"https:\/\/arbrea-labs.com\/event\/imcas-2024\/#breadcrumb"},"inLanguage":"pt-BR","potentialAction":[{"@type":"ReadAction","target":["https:\/\/arbrea-labs.com\/event\/imcas-2024\/"]}]},{"@type":"ImageObject","inLanguage":"pt-BR","@id":"https:\/\/arbrea-labs.com\/event\/imcas-2024\/#primaryimage","url":"https:\/\/arbrea-labs.com\/wp-content\/uploads\/2023\/10\/Event-page-banner-3.png","contentUrl":"https:\/\/arbrea-labs.com\/wp-content\/uploads\/2023\/10\/Event-page-banner-3.png","width":2560,"height":1280,"caption":"IMCAS"},{"@type":"BreadcrumbList","@id":"https:\/\/arbrea-labs.com\/event\/imcas-2024\/#breadcrumb","itemListElement":[{"@type":"ListItem","position":1,"name":"Home","item":"https:\/\/arbrea-labs.com\/"},{"@type":"ListItem","position":2,"name":"Events","item":"https:\/\/arbrea-labs.com\/events\/"},{"@type":"ListItem","position":3,"name":"IMCAS 2024 &#8211; FR"}]},{"@type":"WebSite","@id":"https:\/\/arbrea-labs.com\/#website","url":"https:\/\/arbrea-labs.com\/","name":"Laborat\u00f3rios Arbrea","description":"Solu\u00e7\u00f5es de Realidade Aumentada e 3D para Est\u00e9tica","publisher":{"@id":"https:\/\/arbrea-labs.com\/#organization"},"alternateName":"Arbrea","potentialAction":[{"@type":"SearchAction","target":{"@type":"EntryPoint","urlTemplate":"https:\/\/arbrea-labs.com\/?s={search_term_string}"},"query-input":{"@type":"PropertyValueSpecification","valueRequired":true,"valueName":"search_term_string"}}],"inLanguage":"pt-BR"},{"@type":"Organization","@id":"https:\/\/arbrea-labs.com\/#organization","name":"Laborat\u00f3rios Arbrea","alternateName":"Arbrea","url":"https:\/\/arbrea-labs.com\/","logo":{"@type":"ImageObject","inLanguage":"pt-BR","@id":"https:\/\/arbrea-labs.com\/#\/schema\/logo\/image\/","url":"https:\/\/arbrea-labs.com\/wp-content\/uploads\/2022\/01\/logo_arbrea_LABS-01-1-e1641392734450.png","contentUrl":"https:\/\/arbrea-labs.com\/wp-content\/uploads\/2022\/01\/logo_arbrea_LABS-01-1-e1641392734450.png","width":2000,"height":750,"caption":"Arbrea Labs"},"image":{"@id":"https:\/\/arbrea-labs.com\/#\/schema\/logo\/image\/"},"sameAs":["https:\/\/www.facebook.com\/arbrealabs","https:\/\/www.instagram.com\/arbrealabs\/","https:\/\/www.linkedin.com\/company\/arbrea-labs-ag\/","https:\/\/www.youtube.com\/channel\/UCbHN9gofXJv8rMAHcAguTcg"],"description":"A Arbrea Labs \u00e9 l\u00edder na combina\u00e7\u00e3o de tecnologia avan\u00e7ada de IA com cuidados de sa\u00fade personalizados. Nossos simuladores de Realidade Aumentada e 3D r\u00e1pidos, simples e seguros otimizam as consultas, economizando tempo e aprimorando a educa\u00e7\u00e3o do paciente. Enquanto isso, nosso impulsionador de marketing orientado por AR aprimora as jornadas dos pacientes, maximizando o ROI de marketing e promovendo a gera\u00e7\u00e3o eficiente de leads. Junte-se a n\u00f3s para moldar o futuro da sa\u00fade est\u00e9tica.","email":"info@arbrea-labs.com","legalName":"Arbrea Labs AG","foundingDate":"2018-03-04","vatID":"CHE-292.633.177","numberOfEmployees":{"@type":"QuantitativeValue","minValue":"11","maxValue":"50"}}]}},"_links":{"self":[{"href":"https:\/\/arbrea-labs.com\/pt\/wp-json\/wp\/v2\/tribe_events\/25782","targetHints":{"allow":["GET"]}}],"collection":[{"href":"https:\/\/arbrea-labs.com\/pt\/wp-json\/wp\/v2\/tribe_events"}],"about":[{"href":"https:\/\/arbrea-labs.com\/pt\/wp-json\/wp\/v2\/types\/tribe_events"}],"author":[{"embeddable":true,"href":"https:\/\/arbrea-labs.com\/pt\/wp-json\/wp\/v2\/users\/3"}],"version-history":[{"count":0,"href":"https:\/\/arbrea-labs.com\/pt\/wp-json\/wp\/v2\/tribe_events\/25782\/revisions"}],"wp:featuredmedia":[{"embeddable":true,"href":"https:\/\/arbrea-labs.com\/pt\/wp-json\/wp\/v2\/media\/25786"}],"wp:attachment":[{"href":"https:\/\/arbrea-labs.com\/pt\/wp-json\/wp\/v2\/media?parent=25782"}],"wp:term":[{"taxonomy":"post_tag","embeddable":true,"href":"https:\/\/arbrea-labs.com\/pt\/wp-json\/wp\/v2\/tags?post=25782"},{"taxonomy":"tribe_events_cat","embeddable":true,"href":"https:\/\/arbrea-labs.com\/pt\/wp-json\/wp\/v2\/tribe_events_cat?post=25782"}],"curies":[{"name":"wp","href":"https:\/\/api.w.org\/{rel}","templated":true}]}}